{"id":75,"date":"2012-02-10T18:37:52","date_gmt":"2012-02-10T17:37:52","guid":{"rendered":"http:\/\/vino-mania.ch\/wordpress\/?page_id=75"},"modified":"2013-05-29T22:05:49","modified_gmt":"2013-05-29T21:05:49","slug":"les-vins-2","status":"publish","type":"page","link":"https:\/\/vino-mania.ch\/wordpress\/index.php\/piemont\/le-mas-de-lecriture\/les-vins-2\/","title":{"rendered":"Vins"},"content":{"rendered":"<address style=\"text-align: justify;\">\u00a0<\/address>\n<address style=\"text-align: justify;\">\u00a0<\/address>\n<address style=\"text-align: justify;\"><em><strong><img loading=\"lazy\" decoding=\"async\" class=\"wp-image-249 alignleft\" title=\"02-BB-Mondino\" src=\"http:\/\/vino-mania.ch\/wordpress\/wp-content\/uploads\/2012\/02\/02-BB-Mondino.png\" alt=\"\" width=\"120\" height=\"317\" srcset=\"https:\/\/vino-mania.ch\/wordpress\/wp-content\/uploads\/2012\/02\/02-BB-Mondino.png 303w, https:\/\/vino-mania.ch\/wordpress\/wp-content\/uploads\/2012\/02\/02-BB-Mondino-113x300.png 113w\" sizes=\"auto, (max-width: 120px) 100vw, 120px\" \/><\/strong><\/em><\/address>\n<p style=\"text-align: justify;\"><strong>Barbaresco Mondino<br \/>\n<\/strong>C\u00e9page: \u00a0Nebbiolo 100%<br \/>\nDensit\u00e9: 6.000 plants par hectare<br \/>\nMode de taille: Guyot<\/p>\n<p style=\"text-align: justify;\">Fermentation et mac\u00e9ration en cuves\u00a0inox \u00e0 temp\u00e9rature contr\u00f4l\u00e9e (28-30 degr\u00e9s). Vieillissement: \u00a018 mois en grand tonneau de ch\u00eane. Affinement: \u00a06 mois en bouteille. Vin charpent\u00e9 et opulent, riche en tanins doux d\u00e9j\u00e0 agr\u00e9ablement \u00e9volu\u00e9s. Son nez est tr\u00e8s concentr\u00e9, avec des notes florales classiques et des fruits rouges en premi\u00e8re bouche. Une bouche riche, intense et dense en finale. C&#8217;est un vin qui exprime compl\u00e8tement le caract\u00e8re du Nebbiolo, sa structure lui permet un log vieillissement.<\/p>\n<p style=\"text-align: justify;\"><a style=\"color: #ff4b33; font-family: Georgia, 'Bitstream Charter', serif; line-height: 1.5;\" href=\"http:\/\/vino-mania.ch\/wordpress\/wp-content\/uploads\/2012\/02\/04-BB-S.-Stefanetto.png\"><img loading=\"lazy\" decoding=\"async\" class=\"alignleft  wp-image-251\" style=\"color: #444444; font-family: Georgia, 'Bitstream Charter', serif; line-height: 1.5; border-style: initial; border-color: initial; margin-top: 4px; margin-right: 24px; margin-bottom: 12px; margin-left: 0px; display: inline; border-width: 0px;\" title=\"04-BB-S.-Stefanetto\" src=\"http:\/\/vino-mania.ch\/wordpress\/wp-content\/uploads\/2012\/02\/04-BB-S.-Stefanetto.png\" alt=\"\" width=\"120\" height=\"317\" srcset=\"https:\/\/vino-mania.ch\/wordpress\/wp-content\/uploads\/2012\/02\/04-BB-S.-Stefanetto.png 303w, https:\/\/vino-mania.ch\/wordpress\/wp-content\/uploads\/2012\/02\/04-BB-S.-Stefanetto-113x300.png 113w\" sizes=\"auto, (max-width: 120px) 100vw, 120px\" \/><\/a><\/p>\n<p style=\"text-align: justify;\"><strong>Barbaresco San Stunet<\/strong><br \/>\nC\u00e9page<span style=\"color: #333333;\">: \u00a0Nebbiolo 100%<br \/>\nDensit\u00e9: 6.000 plants par hectare<br \/>\nMode de taille: Guyot\u00a0<\/span><\/p>\n<p style=\"text-align: justify;\">Fermentation et mac\u00e9ration en\u00a0f\u00fbts de bois. \u00a0Vieillissement: \u00a018 mois \u00a0(tonneaux de\u00a0ch\u00eane\u00a070% &#8211;\u00a030% barriques). Affinement: \u00a06 mois en bouteille. D&#8217;une couleur vive, un riche grenat,\u00a0ce c\u00e9page d\u00e9gage\u00a0un parfum intense aux\u00a0senteurs de tabac, d&#8217;\u00e9pices et de fruits. En bouche, il est tr\u00e8s \u00e9quilibr\u00e9, charnu. Peu de mois\u00a0apr\u00e9s la mise en bouteille, il rel\u00e8ve d\u00e9j\u00e0 sa complexit\u00e9 et son \u00e9l\u00e9gance qui iront en augmentant progressivement.<\/p>\n<p style=\"text-align: justify;\"><strong><br \/>\n<\/strong><\/p>\n<p style=\"text-align: justify;\"><strong><a href=\"http:\/\/vino-mania.ch\/wordpress\/wp-content\/uploads\/2012\/02\/05-L-Nebbiolo.png\"><img loading=\"lazy\" decoding=\"async\" class=\"alignleft  wp-image-252\" title=\"05-L-Nebbiolo\" src=\"http:\/\/vino-mania.ch\/wordpress\/wp-content\/uploads\/2012\/02\/05-L-Nebbiolo.png\" alt=\"\" width=\"120\" height=\"317\" srcset=\"https:\/\/vino-mania.ch\/wordpress\/wp-content\/uploads\/2012\/02\/05-L-Nebbiolo.png 303w, https:\/\/vino-mania.ch\/wordpress\/wp-content\/uploads\/2012\/02\/05-L-Nebbiolo-113x300.png 113w\" sizes=\"auto, (max-width: 120px) 100vw, 120px\" \/><\/a>Langhe Nebbiolo<br \/>\n<\/strong>C\u00e9page:\u00a0Nebbiolo 100%<br \/>\nDensit\u00e9: 6.000 plants par hectare<br \/>\nMode de taille: Guyot<\/p>\n<p style=\"text-align: justify; padding-left: 30px;\">Fermentation et mac\u00e9ration en cuves\u00a0inox \u00e0 temp\u00e9rature contr\u00f4l\u00e9e (28-30 degr\u00e9s). Vieillissement: \u00a08 mois en grand tonneau de ch\u00eane. Affinement: \u00a02 mois en bouteille. C&#8217;est un vin naturel, il est repr\u00e9sentatif de son terroir. Au nez, il se pr\u00e9sente harmonieux et\u00a0\u00e9quilibr\u00e9, avec des senteurs de p\u00e9tales de rose et de fleurs de cerise. C&#8217;est un vin frais au palais avec une belle acidit\u00e9 et un bon \u00e9quilibre entre tanins et alcool. De corps \u00e9l\u00e9gant, il est tr\u00e8s persistant en bouche.<\/p>\n<p style=\"text-align: justify;\"><strong><img loading=\"lazy\" decoding=\"async\" class=\"alignleft  wp-image-254\" title=\"07-BA-San-Stefanetto\" src=\"http:\/\/vino-mania.ch\/wordpress\/wp-content\/uploads\/2012\/02\/07-BA-San-Stefanetto.png\" alt=\"\" width=\"120\" height=\"317\" srcset=\"https:\/\/vino-mania.ch\/wordpress\/wp-content\/uploads\/2012\/02\/07-BA-San-Stefanetto.png 303w, https:\/\/vino-mania.ch\/wordpress\/wp-content\/uploads\/2012\/02\/07-BA-San-Stefanetto-113x300.png 113w\" sizes=\"auto, (max-width: 120px) 100vw, 120px\" \/><\/strong><\/p>\n<p style=\"text-align: justify;\"><strong>Barbera d&#8217;Alba \u2028San Stefanetto<br \/>\n<\/strong>C\u00e9page: Barbera d\u2019Alba 100%<br \/>\nDensit\u00e9: 6.000 plants par hectare<br \/>\nMode de taille: Guyot<\/p>\n<p style=\"text-align: justify;\">Fermentation et mac\u00e9ration en cuves\u00a0inox \u00e0 temp\u00e9rature contr\u00f4l\u00e9e (28-30 degr\u00e9s). Vieillissement: \u00a014 mois en barriques. Affinement: \u00a06 mois en bouteille. De couleur rubis intense, avec des reflets rouge violac\u00e9, il se pr\u00e9sente avec un nez \u00e9l\u00e9gant, en offrant un m\u00e9lange de fruits (cerises, framboises, myrtilles). En bouche, il a un corps rond et gras avec une structure \u00e9l\u00e9gante et riche\u00a0avec une\u00a0finale longue et persistante.<\/p>\n<p>&nbsp;<\/p>\n<p><strong><a href=\"http:\/\/vino-mania.ch\/wordpress\/wp-content\/uploads\/2012\/02\/08-DA-Majano.png\"><img loading=\"lazy\" decoding=\"async\" class=\"alignleft  wp-image-255\" title=\"08-DA-Majano\" src=\"http:\/\/vino-mania.ch\/wordpress\/wp-content\/uploads\/2012\/02\/08-DA-Majano.png\" alt=\"\" width=\"120\" height=\"317\" srcset=\"https:\/\/vino-mania.ch\/wordpress\/wp-content\/uploads\/2012\/02\/08-DA-Majano.png 303w, https:\/\/vino-mania.ch\/wordpress\/wp-content\/uploads\/2012\/02\/08-DA-Majano-113x300.png 113w\" sizes=\"auto, (max-width: 120px) 100vw, 120px\" \/><\/a>Dolcetto d&#8217;Alba Majano<br \/>\n<\/strong>C\u00e9page: Dolcetto d\u2019Alba 100%<br \/>\nDensit\u00e9: 6.000 plants par hectare<br \/>\nMode de taille: Guyot<\/p>\n<p style=\"text-align: justify; padding-left: 30px;\">Fermentation et mac\u00e9ration en cuves\u00a0inox \u00e0 temp\u00e9rature contr\u00f4l\u00e9e (28-30 degr\u00e9s). Vieillissement: \u00a06 mois en cuves inox. Affinement: 2 mois en bouteille. Il se d\u00e9marque par un rouge profond avec des reflets violac\u00e9s. Fruit\u00e9 et parfum\u00e9 avec des senteurs florales. \u00a0Au go\u00fbt, il se pr\u00e9sente avec un l\u00e9ger go\u00fbt d&#8217;amande.<\/p>\n<p>&nbsp;<\/p>\n<p>&nbsp;<\/p>\n<p>&nbsp;<\/p>\n<p style=\"text-align: center;\"><a title=\"Contact et commande\" href=\"http:\/\/vino-mania.ch\/wordpress\/?page_id=97\" target=\"_blank\"><em>Passez commande<\/em><\/a><\/p>\n","protected":false},"excerpt":{"rendered":"<p>\u00a0 \u00a0 Barbaresco Mondino C\u00e9page: \u00a0Nebbiolo 100% Densit\u00e9: 6.000 plants par hectare Mode de taille: Guyot Fermentation et mac\u00e9ration en cuves\u00a0inox \u00e0 temp\u00e9rature contr\u00f4l\u00e9e (28-30 degr\u00e9s). Vieillissement: \u00a018 mois en grand tonneau de ch\u00eane. Affinement: \u00a06 mois en bouteille. Vin &hellip; <a href=\"https:\/\/vino-mania.ch\/wordpress\/index.php\/piemont\/le-mas-de-lecriture\/les-vins-2\/\">Continue reading <span class=\"meta-nav\">&rarr;<\/span><\/a><\/p>\n","protected":false},"author":1,"featured_media":0,"parent":36,"menu_order":1,"comment_status":"closed","ping_status":"closed","template":"","meta":{"footnotes":""},"class_list":["post-75","page","type-page","status-publish","hentry"],"_links":{"self":[{"href":"https:\/\/vino-mania.ch\/wordpress\/index.php\/wp-json\/wp\/v2\/pages\/75","targetHints":{"allow":["GET"]}}],"collection":[{"href":"https:\/\/vino-mania.ch\/wordpress\/index.php\/wp-json\/wp\/v2\/pages"}],"about":[{"href":"https:\/\/vino-mania.ch\/wordpress\/index.php\/wp-json\/wp\/v2\/types\/page"}],"author":[{"embeddable":true,"href":"https:\/\/vino-mania.ch\/wordpress\/index.php\/wp-json\/wp\/v2\/users\/1"}],"replies":[{"embeddable":true,"href":"https:\/\/vino-mania.ch\/wordpress\/index.php\/wp-json\/wp\/v2\/comments?post=75"}],"version-history":[{"count":70,"href":"https:\/\/vino-mania.ch\/wordpress\/index.php\/wp-json\/wp\/v2\/pages\/75\/revisions"}],"predecessor-version":[{"id":745,"href":"https:\/\/vino-mania.ch\/wordpress\/index.php\/wp-json\/wp\/v2\/pages\/75\/revisions\/745"}],"up":[{"embeddable":true,"href":"https:\/\/vino-mania.ch\/wordpress\/index.php\/wp-json\/wp\/v2\/pages\/36"}],"wp:attachment":[{"href":"https:\/\/vino-mania.ch\/wordpress\/index.php\/wp-json\/wp\/v2\/media?parent=75"}],"curies":[{"name":"wp","href":"https:\/\/api.w.org\/{rel}","templated":true}]}}